{"id":20,"date":"2023-12-21T09:12:37","date_gmt":"2023-12-21T09:12:37","guid":{"rendered":"https:\/\/firaantiguitatscardedeu.com\/?page_id=20"},"modified":"2024-02-07T11:32:11","modified_gmt":"2024-02-07T10:32:11","slug":"inici","status":"publish","type":"page","link":"https:\/\/firaantiguitatscardedeu.com\/","title":{"rendered":"Inici"},"content":{"rendered":"\t\t<div data-elementor-type=\"wp-page\" data-elementor-id=\"20\" class=\"elementor elementor-20\">\n\t\t\t\t<div class=\"elementor-element elementor-element-85e848f e-con-full e-flex e-con e-parent\" data-id=\"85e848f\" data-element_type=\"container\">\n\t\t\t\t<\/div>\n\t\t<div class=\"elementor-element elementor-element-27932a7 e-con-full e-flex e-con e-parent\" data-id=\"27932a7\" data-element_type=\"container\" data-settings=\"{&quot;background_background&quot;:&quot;classic&quot;}\">\n\t\t<div class=\"elementor-element elementor-element-fcabe62 e-con-full e-flex e-con e-child\" data-id=\"fcabe62\" data-element_type=\"container\">\n\t\t\t\t<div class=\"elementor-element elementor-element-2552fdf elementor-widget elementor-widget-heading\" data-id=\"2552fdf\" data-element_type=\"widget\" data-widget_type=\"heading.default\">\n\t\t\t\t<div class=\"elementor-widget-container\">\n\t\t\t\t\t<h2 class=\"elementor-heading-title elementor-size-default\">Consulta el calendari de les properes fires:<\/h2>\t\t\t\t<\/div>\n\t\t\t\t<\/div>\n\t\t\t\t<div class=\"elementor-element elementor-element-176e746 elementor-absolute e-transform e-transform elementor-widget elementor-widget-image\" data-id=\"176e746\" data-element_type=\"widget\" data-settings=\"{&quot;_position&quot;:&quot;absolute&quot;,&quot;_transform_rotateZ_effect_mobile&quot;:{&quot;unit&quot;:&quot;deg&quot;,&quot;size&quot;:84,&quot;sizes&quot;:[]},&quot;_transform_scale_effect_mobile&quot;:{&quot;unit&quot;:&quot;px&quot;,&quot;size&quot;:0.7,&quot;sizes&quot;:[]},&quot;_transform_rotateZ_effect&quot;:{&quot;unit&quot;:&quot;px&quot;,&quot;size&quot;:&quot;&quot;,&quot;sizes&quot;:[]},&quot;_transform_rotateZ_effect_tablet&quot;:{&quot;unit&quot;:&quot;deg&quot;,&quot;size&quot;:&quot;&quot;,&quot;sizes&quot;:[]},&quot;_transform_scale_effect&quot;:{&quot;unit&quot;:&quot;px&quot;,&quot;size&quot;:&quot;&quot;,&quot;sizes&quot;:[]},&quot;_transform_scale_effect_tablet&quot;:{&quot;unit&quot;:&quot;px&quot;,&quot;size&quot;:&quot;&quot;,&quot;sizes&quot;:[]}}\" data-widget_type=\"image.default\">\n\t\t\t\t<div class=\"elementor-widget-container\">\n\t\t\t\t\t\t\t\t\t\t\t\t\t\t\t<img decoding=\"async\" width=\"228\" height=\"196\" src=\"https:\/\/firaantiguitatscardedeu.com\/wp-content\/uploads\/2024\/01\/Hand-drawn-arrow.png\" class=\"attachment-large size-large wp-image-419\" alt=\"\" \/>\t\t\t\t\t\t\t\t\t\t\t\t\t\t\t<\/div>\n\t\t\t\t<\/div>\n\t\t\t\t<div class=\"elementor-element elementor-element-e25c4d4 elementor-widget elementor-widget-button\" data-id=\"e25c4d4\" data-element_type=\"widget\" data-widget_type=\"button.default\">\n\t\t\t\t<div class=\"elementor-widget-container\">\n\t\t\t\t\t\t\t\t\t<div class=\"elementor-button-wrapper\">\n\t\t\t\t\t<a class=\"elementor-button elementor-button-link elementor-size-sm\" href=\"https:\/\/firaantiguitatscardedeu.com\/index.php\/fira-cardedeu\/\">\n\t\t\t\t\t\t<span class=\"elementor-button-content-wrapper\">\n\t\t\t\t\t\t\t\t\t<span class=\"elementor-button-text\">Veure calendari de fires<\/span>\n\t\t\t\t\t<\/span>\n\t\t\t\t\t<\/a>\n\t\t\t\t<\/div>\n\t\t\t\t\t\t\t\t<\/div>\n\t\t\t\t<\/div>\n\t\t\t\t<\/div>\n\t\t<div class=\"elementor-element elementor-element-8cc6da7 e-con-full e-flex e-con e-child\" data-id=\"8cc6da7\" data-element_type=\"container\">\n\t\t\t\t<div class=\"elementor-element elementor-element-347cdef elementor-widget elementor-widget-shortcode\" data-id=\"347cdef\" data-element_type=\"widget\" data-widget_type=\"shortcode.default\">\n\t\t\t\t<div class=\"elementor-widget-container\">\n\t\t\t\t\t\t\t<div class=\"elementor-shortcode\"><div class=\"simcal-calendar simcal-default-calendar simcal-default-calendar-list simcal-default-calendar-light\" data-calendar-id=\"401\" data-timezone=\"Europe\/Andorra\" data-offset=\"7200\" data-week-start=\"1\" data-calendar-start=\"1777586400\" data-calendar-end=\"1783859400\" data-events-first=\"1778999400\" data-events-last=\"1783859400\"><div class=\"simcal-calendar-list simcal-calendar-list-compact\"><div class=\"simcal-events-list-container\" data-prev=\"1746050400\" data-next=\"1809122400\" data-heading-small=\"maig - jul. 2026\" data-heading-large=\"maig - juliol, 2026\"><div class=\"simcal-weekday-0 simcal-past simcal-day simcal-day-has-events simcal-day-has-1-events simcal-events-calendar-401\" data-events-count=\"1\">\n\t<ul class=\"simcal-events\">\n\t<li class=\"simcal-event simcal-event-has-location simcal-events-calendar-401\" style=\"\" itemscope itemtype=\"http:\/\/schema.org\/Event\" data-start=\"1778999400\">\n\t\t<div class=\"simcal-event-details\"><h6><span style=\"color: #780000\"><strong><span class=\"simcal-event-title\" itemprop=\"name\">Fira d&#039;Antiguitats CARDEDEU<\/span><\/strong><\/span><\/h6>\n<p><span style=\"color: #780000\"><strong><span class=\"simcal-event-start simcal-event-start-date\" data-event-start=\"1778999400\" data-event-format=\"j F Y\" itemprop=\"startDate\" content=\"2026-05-17T08:30:00+02:00\">17 maig 2026<\/span>&nbsp;&nbsp;<span class=\"simcal-event-start simcal-event-start-time\" data-event-start=\"1778999400\" data-event-format=\"H:i\" itemprop=\"startDate\" content=\"2026-05-17T08:30:00+02:00\">08:30<\/span> - <span class=\"simcal-event-end simcal-event-end-time\" data-event-end=\"1779021000\" data-event-format=\"H:i\" itemprop=\"endDate\" content=\"2026-05-17T14:30:00+02:00\">14:30<\/span><\/strong><\/span><br \/>\n <span class=\"simcal-event-address simcal-event-start-location\" itemprop=\"location\" itemscope itemtype=\"http:\/\/schema.org\/Place\"><meta itemprop=\"name\" content=\"Parc Pompeu Fabra, Cardedeu\" \/><meta itemprop=\"address\" content=\"Parc Pompeu Fabra, Cardedeu\" \/>Parc Pompeu Fabra, Cardedeu<\/span><br \/>\n<\/p><\/div>\n\t<\/li>\n<\/ul>\n\n<\/div>\n<div class=\"simcal-weekday-0 simcal-past simcal-day simcal-day-has-events simcal-day-has-1-events simcal-events-calendar-401\" data-events-count=\"1\">\n\t<ul class=\"simcal-events\">\n\t<li class=\"simcal-event simcal-event-has-location simcal-events-calendar-401\" style=\"\" itemscope itemtype=\"http:\/\/schema.org\/Event\" data-start=\"1780813800\">\n\t\t<div class=\"simcal-event-details\"><h6><span style=\"color: #780000\"><strong><span class=\"simcal-event-title\" itemprop=\"name\">POPMARKET MATAR\u00d3<\/span><\/strong><\/span><\/h6>\n<p><span style=\"color: #780000\"><strong><span class=\"simcal-event-start simcal-event-start-date\" data-event-start=\"1780813800\" data-event-format=\"j F Y\" itemprop=\"startDate\" content=\"2026-06-07T08:30:00+02:00\">7 juny 2026<\/span>&nbsp;&nbsp;<span class=\"simcal-event-start simcal-event-start-time\" data-event-start=\"1780813800\" data-event-format=\"H:i\" itemprop=\"startDate\" content=\"2026-06-07T08:30:00+02:00\">08:30<\/span> - <span class=\"simcal-event-end simcal-event-end-time\" data-event-end=\"1780833600\" data-event-format=\"H:i\" itemprop=\"endDate\" content=\"2026-06-07T14:00:00+02:00\">14:00<\/span><\/strong><\/span><br \/>\n <span class=\"simcal-event-address simcal-event-start-location\" itemprop=\"location\" itemscope itemtype=\"http:\/\/schema.org\/Place\"><meta itemprop=\"name\" content=\"Passeig del Rengle, 08302 Matar\u00f3, Barcelona, Spain\" \/><meta itemprop=\"address\" content=\"Passeig del Rengle, 08302 Matar\u00f3, Barcelona, Spain\" \/>Passeig del Rengle, 08302 Matar\u00f3, Barcelona, Spain<\/span><br \/>\n<div class=\"simcal-event-description\" itemprop=\"description\"><p>Brocanters, Antiguitats, Vintage, col\u00b7leccionisme i Art.\u00a0<br \/>\nDe 8:30h a 14h.<\/p>\n<\/div><\/p><\/div>\n\t<\/li>\n<\/ul>\n\n<\/div>\n<div class=\"simcal-weekday-0 simcal-past simcal-day simcal-day-has-events simcal-day-has-1-events simcal-events-calendar-401\" data-events-count=\"1\">\n\t<ul class=\"simcal-events\">\n\t<li class=\"simcal-event simcal-event-has-location simcal-events-calendar-401\" style=\"\" itemscope itemtype=\"http:\/\/schema.org\/Event\" data-start=\"1783837800\">\n\t\t<div class=\"simcal-event-details\"><h6><span style=\"color: #780000\"><strong><span class=\"simcal-event-title\" itemprop=\"name\">Fira d&#039;Antiguitats CARDEDEU<\/span><\/strong><\/span><\/h6>\n<p><span style=\"color: #780000\"><strong><span class=\"simcal-event-start simcal-event-start-date\" data-event-start=\"1783837800\" data-event-format=\"j F Y\" itemprop=\"startDate\" content=\"2026-07-12T08:30:00+02:00\">12 juliol 2026<\/span>&nbsp;&nbsp;<span class=\"simcal-event-start simcal-event-start-time\" data-event-start=\"1783837800\" data-event-format=\"H:i\" itemprop=\"startDate\" content=\"2026-07-12T08:30:00+02:00\">08:30<\/span> - <span class=\"simcal-event-end simcal-event-end-time\" data-event-end=\"1783859400\" data-event-format=\"H:i\" itemprop=\"endDate\" content=\"2026-07-12T14:30:00+02:00\">14:30<\/span><\/strong><\/span><br \/>\n <span class=\"simcal-event-address simcal-event-start-location\" itemprop=\"location\" itemscope itemtype=\"http:\/\/schema.org\/Place\"><meta itemprop=\"name\" content=\"Parc Pompeu Fabra, Cardedeu\" \/><meta itemprop=\"address\" content=\"Parc Pompeu Fabra, Cardedeu\" \/>Parc Pompeu Fabra, Cardedeu<\/span><br \/>\n<\/p><\/div>\n\t<\/li>\n<\/ul>\n\n<\/div>\n<\/div><div class=\"simcal-ajax-loader simcal-spinner-top\" style=\"display: none;\"><i class=\"simcal-icon-spinner simcal-icon-spin\"><\/i><\/div><\/div><\/div><\/div>\n\t\t\t\t\t\t<\/div>\n\t\t\t\t<\/div>\n\t\t\t\t<\/div>\n\t\t\t\t<\/div>\n\t\t<div class=\"elementor-element elementor-element-5d6c128 e-con-full e-flex e-con e-parent\" data-id=\"5d6c128\" data-element_type=\"container\" data-settings=\"{&quot;background_background&quot;:&quot;gradient&quot;}\">\n\t\t<div class=\"elementor-element elementor-element-7545eed e-con-full e-flex e-con e-child\" data-id=\"7545eed\" data-element_type=\"container\">\n\t\t\t\t<div class=\"elementor-element elementor-element-f7ffd76 elementor-widget elementor-widget-image\" data-id=\"f7ffd76\" data-element_type=\"widget\" data-widget_type=\"image.default\">\n\t\t\t\t<div class=\"elementor-widget-container\">\n\t\t\t\t\t\t\t\t\t\t\t\t\t\t\t<img fetchpriority=\"high\" decoding=\"async\" width=\"576\" height=\"657\" src=\"https:\/\/firaantiguitatscardedeu.com\/wp-content\/uploads\/2024\/01\/deco1.jpg\" class=\"attachment-large size-large wp-image-430\" alt=\"\" srcset=\"https:\/\/firaantiguitatscardedeu.com\/wp-content\/uploads\/2024\/01\/deco1.jpg 576w, https:\/\/firaantiguitatscardedeu.com\/wp-content\/uploads\/2024\/01\/deco1-263x300.jpg 263w\" sizes=\"(max-width: 576px) 100vw, 576px\" \/>\t\t\t\t\t\t\t\t\t\t\t\t\t\t\t<\/div>\n\t\t\t\t<\/div>\n\t\t\t\t<\/div>\n\t\t<div class=\"elementor-element elementor-element-dc606e5 e-con-full e-flex e-con e-child\" data-id=\"dc606e5\" data-element_type=\"container\">\n\t\t\t\t<div class=\"elementor-element elementor-element-7f75217 elementor-widget elementor-widget-heading\" data-id=\"7f75217\" data-element_type=\"widget\" data-widget_type=\"heading.default\">\n\t\t\t\t<div class=\"elementor-widget-container\">\n\t\t\t\t\t<h2 class=\"elementor-heading-title elementor-size-default\">Nosaltres som la FIRA D\u2019ANTIGUITATS DE CARDEDEU\u00ae, la gran.<\/h2>\t\t\t\t<\/div>\n\t\t\t\t<\/div>\n\t\t\t\t<div class=\"elementor-element elementor-element-e29c43c elementor-widget elementor-widget-text-editor\" data-id=\"e29c43c\" data-element_type=\"widget\" data-widget_type=\"text-editor.default\">\n\t\t\t\t<div class=\"elementor-widget-container\">\n\t\t\t\t\t\t\t\t\t<p>La nostra empresa Esdeveniments S.L., creada amb l&#8217;experi\u00e8ncia de m\u00e9s de 28 anys en l&#8217;\u00e0mbit de l&#8217;organitzaci\u00f3 de Fires d&#8217;Antiguitats i Brocanters, t\u00e9 preferentment la vocaci\u00f3 de desenvolupar-se en el m\u00f3n de l&#8217;oci, la cultura i tot el que representi una aportaci\u00f3 positiva en les relacions humanes. La nostra seu a Cardedeu (Barcelona), \u00e9s un referent en l&#8217;organitzaci\u00f3 de descarregades d&#8217;antiguitats i brocanters, sent pioners de les mateixes a Catalunya i Espanya, on ens visiten anualment milers de compradors vinguts d&#8217;arreu.\u2028Des d&#8217;aquestes l\u00ednies, us donem la benvinguda als nostres &#8220;esdeveniments&#8221;, i restem sempre oberts a qualsevol suggeriment per tal de millorar la nostra tasca.\u2028\u2028<\/p><p>Gr\u00e0cies per la vostra confian\u00e7a.\u2028\u2028<\/p><p>Esdeveniments D.F.<\/p>\t\t\t\t\t\t\t\t<\/div>\n\t\t\t\t<\/div>\n\t\t\t\t<\/div>\n\t\t\t\t<\/div>\n\t\t<div class=\"elementor-element elementor-element-ea08d01 e-flex e-con-boxed e-con e-parent\" data-id=\"ea08d01\" data-element_type=\"container\" data-settings=\"{&quot;background_background&quot;:&quot;classic&quot;}\">\n\t\t\t\t\t<div class=\"e-con-inner\">\n\t\t<div class=\"elementor-element elementor-element-c263c59 e-con-full e-flex e-con e-child\" data-id=\"c263c59\" data-element_type=\"container\">\n\t\t<div class=\"elementor-element elementor-element-b1b7fcc e-con-full e-flex e-con e-child\" data-id=\"b1b7fcc\" data-element_type=\"container\" data-settings=\"{&quot;background_background&quot;:&quot;classic&quot;}\">\n\t\t\t\t<div class=\"elementor-element elementor-element-ed8c5b3 elementor-widget elementor-widget-heading\" data-id=\"ed8c5b3\" data-element_type=\"widget\" data-widget_type=\"heading.default\">\n\t\t\t\t<div class=\"elementor-widget-container\">\n\t\t\t\t\t<h2 class=\"elementor-heading-title elementor-size-default\">Fira d\u2019antiguitats de Cardedeu\u00ae<\/h2>\t\t\t\t<\/div>\n\t\t\t\t<\/div>\n\t\t\t\t<div class=\"elementor-element elementor-element-e43ae2c elementor-widget elementor-widget-heading\" data-id=\"e43ae2c\" data-element_type=\"widget\" data-widget_type=\"heading.default\">\n\t\t\t\t<div class=\"elementor-widget-container\">\n\t\t\t\t\t<h2 class=\"elementor-heading-title elementor-size-default\">Per qu\u00e8 la nostra fira?<\/h2>\t\t\t\t<\/div>\n\t\t\t\t<\/div>\n\t\t\t\t<\/div>\n\t\t\t\t<\/div>\n\t\t<div class=\"elementor-element elementor-element-7f7db17 e-con-full e-flex e-con e-child\" data-id=\"7f7db17\" data-element_type=\"container\" data-settings=\"{&quot;background_background&quot;:&quot;classic&quot;}\">\n\t\t\t\t<div class=\"elementor-element elementor-element-04a96e2 elementor-widget elementor-widget-image\" data-id=\"04a96e2\" data-element_type=\"widget\" data-widget_type=\"image.default\">\n\t\t\t\t<div class=\"elementor-widget-container\">\n\t\t\t\t\t\t\t\t\t\t\t\t\t\t\t<img decoding=\"async\" width=\"64\" height=\"64\" src=\"https:\/\/firaantiguitatscardedeu.com\/wp-content\/uploads\/2023\/12\/award-02.png\" class=\"attachment-large size-large wp-image-122\" alt=\"\" \/>\t\t\t\t\t\t\t\t\t\t\t\t\t\t\t<\/div>\n\t\t\t\t<\/div>\n\t\t\t\t<div class=\"elementor-element elementor-element-a9ad99c elementor-widget elementor-widget-text-editor\" data-id=\"a9ad99c\" data-element_type=\"widget\" data-widget_type=\"text-editor.default\">\n\t\t\t\t<div class=\"elementor-widget-container\">\n\t\t\t\t\t\t\t\t\t<h6>\u00a0<\/h6><h6 style=\"text-align: center;\"><strong>Som la m\u00e9s gran<\/strong><\/h6><p style=\"text-align: center;\">Gaudir\u00e0s d\u2019una fira a l\u2019aire lliure amb multitud de comerciants i d\u2019oportunitats!<\/p>\t\t\t\t\t\t\t\t<\/div>\n\t\t\t\t<\/div>\n\t\t\t\t<\/div>\n\t\t<div class=\"elementor-element elementor-element-8fd01c0 e-con-full e-flex e-con e-child\" data-id=\"8fd01c0\" data-element_type=\"container\" data-settings=\"{&quot;background_background&quot;:&quot;classic&quot;}\">\n\t\t\t\t<div class=\"elementor-element elementor-element-0c09c34 elementor-widget elementor-widget-image\" data-id=\"0c09c34\" data-element_type=\"widget\" data-widget_type=\"image.default\">\n\t\t\t\t<div class=\"elementor-widget-container\">\n\t\t\t\t\t\t\t\t\t\t\t\t\t\t\t<img loading=\"lazy\" decoding=\"async\" width=\"75\" height=\"75\" src=\"https:\/\/firaantiguitatscardedeu.com\/wp-content\/uploads\/2023\/12\/apreton-de-manos-1.png\" class=\"attachment-large size-large wp-image-121\" alt=\"\" \/>\t\t\t\t\t\t\t\t\t\t\t\t\t\t\t<\/div>\n\t\t\t\t<\/div>\n\t\t\t\t<div class=\"elementor-element elementor-element-7f0b271 elementor-widget elementor-widget-text-editor\" data-id=\"7f0b271\" data-element_type=\"widget\" data-widget_type=\"text-editor.default\">\n\t\t\t\t<div class=\"elementor-widget-container\">\n\t\t\t\t\t\t\t\t\t<h6>\u00a0<\/h6><h6 style=\"text-align: center;\"><strong>Diversitat de comerciants<\/strong><\/h6><p style=\"text-align: center;\">Comerciants de diferents proced\u00e8ncies i especialitats<\/p>\t\t\t\t\t\t\t\t<\/div>\n\t\t\t\t<\/div>\n\t\t\t\t<\/div>\n\t\t<div class=\"elementor-element elementor-element-c74d593 e-con-full e-flex e-con e-child\" data-id=\"c74d593\" data-element_type=\"container\" data-settings=\"{&quot;background_background&quot;:&quot;classic&quot;}\">\n\t\t\t\t<div class=\"elementor-element elementor-element-945e2e0 elementor-widget elementor-widget-image\" data-id=\"945e2e0\" data-element_type=\"widget\" data-widget_type=\"image.default\">\n\t\t\t\t<div class=\"elementor-widget-container\">\n\t\t\t\t\t\t\t\t\t\t\t\t\t\t\t<img loading=\"lazy\" decoding=\"async\" width=\"64\" height=\"64\" src=\"https:\/\/firaantiguitatscardedeu.com\/wp-content\/uploads\/2023\/12\/diamond-01.png\" class=\"attachment-large size-large wp-image-123\" alt=\"\" \/>\t\t\t\t\t\t\t\t\t\t\t\t\t\t\t<\/div>\n\t\t\t\t<\/div>\n\t\t\t\t<div class=\"elementor-element elementor-element-e158b40 elementor-widget elementor-widget-text-editor\" data-id=\"e158b40\" data-element_type=\"widget\" data-widget_type=\"text-editor.default\">\n\t\t\t\t<div class=\"elementor-widget-container\">\n\t\t\t\t\t\t\t\t\t<h6>\u00a0<\/h6><h6 style=\"text-align: center;\"><strong>Qu\u00e8 hi pots trobar?<\/strong><\/h6><p style=\"text-align: center;\">Trobar\u00e0s una gran varietat d&#8217;objectes \u00fanics i mobles antics<\/p>\t\t\t\t\t\t\t\t<\/div>\n\t\t\t\t<\/div>\n\t\t\t\t<\/div>\n\t\t\t\t\t<\/div>\n\t\t\t\t<\/div>\n\t\t<div class=\"elementor-element elementor-element-f4de95d e-con-full e-flex e-con e-parent\" data-id=\"f4de95d\" data-element_type=\"container\" data-settings=\"{&quot;background_background&quot;:&quot;classic&quot;}\">\n\t\t\t\t<div class=\"elementor-element elementor-element-fb066de elementor-widget__width-initial elementor-widget elementor-widget-image\" data-id=\"fb066de\" data-element_type=\"widget\" data-widget_type=\"image.default\">\n\t\t\t\t<div class=\"elementor-widget-container\">\n\t\t\t\t\t\t\t\t\t\t\t\t\t\t\t<img loading=\"lazy\" decoding=\"async\" width=\"397\" height=\"275\" src=\"https:\/\/firaantiguitatscardedeu.com\/wp-content\/uploads\/2023\/12\/Copy_of_FiraCardedeu23N-21-removebg-preview-2.png\" class=\"attachment-large size-large wp-image-179\" alt=\"\" srcset=\"https:\/\/firaantiguitatscardedeu.com\/wp-content\/uploads\/2023\/12\/Copy_of_FiraCardedeu23N-21-removebg-preview-2.png 397w, https:\/\/firaantiguitatscardedeu.com\/wp-content\/uploads\/2023\/12\/Copy_of_FiraCardedeu23N-21-removebg-preview-2-300x208.png 300w\" sizes=\"(max-width: 397px) 100vw, 397px\" \/>\t\t\t\t\t\t\t\t\t\t\t\t\t\t\t<\/div>\n\t\t\t\t<\/div>\n\t\t<div class=\"elementor-element elementor-element-82d2096 e-con-full e-flex e-con e-child\" data-id=\"82d2096\" data-element_type=\"container\">\n\t\t\t\t<div class=\"elementor-element elementor-element-463faff elementor-widget__width-initial elementor-widget elementor-widget-heading\" data-id=\"463faff\" data-element_type=\"widget\" data-widget_type=\"heading.default\">\n\t\t\t\t<div class=\"elementor-widget-container\">\n\t\t\t\t\t<h2 class=\"elementor-heading-title elementor-size-default\">Vine a la Fira d\u2019antiguitats de Cardedeu\u00ae<\/h2>\t\t\t\t<\/div>\n\t\t\t\t<\/div>\n\t\t\t\t<div class=\"elementor-element elementor-element-dd37c4e elementor-widget elementor-widget-text-editor\" data-id=\"dd37c4e\" data-element_type=\"widget\" data-widget_type=\"text-editor.default\">\n\t\t\t\t<div class=\"elementor-widget-container\">\n\t\t\t\t\t\t\t\t\t<p>Per saber m\u00e9s detalls de la fira, demana&#8217;ns informaci\u00f3<\/p>\t\t\t\t\t\t\t\t<\/div>\n\t\t\t\t<\/div>\n\t\t\t\t<div class=\"elementor-element elementor-element-f83a8f2 elementor-align-center elementor-widget elementor-widget-button\" data-id=\"f83a8f2\" data-element_type=\"widget\" data-widget_type=\"button.default\">\n\t\t\t\t<div class=\"elementor-widget-container\">\n\t\t\t\t\t\t\t\t\t<div class=\"elementor-button-wrapper\">\n\t\t\t\t\t<a class=\"elementor-button elementor-button-link elementor-size-sm\" href=\"https:\/\/firaantiguitatscardedeu.com\/index.php\/contacte\/\">\n\t\t\t\t\t\t<span class=\"elementor-button-content-wrapper\">\n\t\t\t\t\t\t\t\t\t<span class=\"elementor-button-text\">Contacta<\/span>\n\t\t\t\t\t<\/span>\n\t\t\t\t\t<\/a>\n\t\t\t\t<\/div>\n\t\t\t\t\t\t\t\t<\/div>\n\t\t\t\t<\/div>\n\t\t\t\t<\/div>\n\t\t\t\t<\/div>\n\t\t<div class=\"elementor-element elementor-element-796b84e e-con-full e-flex e-con e-parent\" data-id=\"796b84e\" data-element_type=\"container\" data-settings=\"{&quot;background_background&quot;:&quot;classic&quot;}\">\n\t\t<div class=\"elementor-element elementor-element-2c6519e e-con-full e-flex e-con e-child\" data-id=\"2c6519e\" data-element_type=\"container\">\n\t\t\t\t<div class=\"elementor-element elementor-element-240f560 elementor-widget elementor-widget-heading\" data-id=\"240f560\" data-element_type=\"widget\" data-widget_type=\"heading.default\">\n\t\t\t\t<div class=\"elementor-widget-container\">\n\t\t\t\t\t<h2 class=\"elementor-heading-title elementor-size-default\">Qu\u00e8 trobar\u00e0s a la nostra fira?<\/h2>\t\t\t\t<\/div>\n\t\t\t\t<\/div>\n\t\t\t\t<div class=\"elementor-element elementor-element-8bcfc21 elementor-widget elementor-widget-text-editor\" data-id=\"8bcfc21\" data-element_type=\"widget\" data-widget_type=\"text-editor.default\">\n\t\t\t\t<div class=\"elementor-widget-container\">\n\t\t\t\t\t\t\t\t\t<p><img loading=\"lazy\" decoding=\"async\" class=\"alignnone size-full wp-image-134\" src=\"https:\/\/firaantiguitatscardedeu.com\/wp-content\/uploads\/2023\/12\/favorito-1.png\" alt=\"\" width=\"28\" height=\"28\" \/> Gran varietat de peces \u00faniques i antigues<\/p><p><img loading=\"lazy\" decoding=\"async\" class=\"alignnone size-full wp-image-135\" src=\"https:\/\/firaantiguitatscardedeu.com\/wp-content\/uploads\/2023\/12\/jarron-griego-1.png\" alt=\"\" width=\"28\" height=\"28\" \/> L&#8217;oportunitat de trobar articles vintage.<\/p><p><img loading=\"lazy\" decoding=\"async\" class=\"alignnone size-full wp-image-133\" src=\"https:\/\/firaantiguitatscardedeu.com\/wp-content\/uploads\/2023\/12\/familia-1.png\" alt=\"\" width=\"28\" height=\"28\" \/> I tamb\u00e9, gaudir-ne amb la fam\u00edlia.<\/p>\t\t\t\t\t\t\t\t<\/div>\n\t\t\t\t<\/div>\n\t\t\t\t<\/div>\n\t\t\t\t<\/div>\n\t\t<div class=\"elementor-element elementor-element-a2e49f7 e-con-full e-flex e-con e-parent\" data-id=\"a2e49f7\" data-element_type=\"container\" data-settings=\"{&quot;background_background&quot;:&quot;gradient&quot;}\">\n\t\t<div class=\"elementor-element elementor-element-6ff568d e-con-full e-flex e-con e-child\" data-id=\"6ff568d\" data-element_type=\"container\">\n\t\t\t\t<div class=\"elementor-element elementor-element-75102f5 elementor-widget elementor-widget-heading\" data-id=\"75102f5\" data-element_type=\"widget\" data-widget_type=\"heading.default\">\n\t\t\t\t<div class=\"elementor-widget-container\">\n\t\t\t\t\t<h2 class=\"elementor-heading-title elementor-size-default\">Vols venir a vendre a la Fira d'Antiguitats m\u00e9s gran de Catalunya ?<\/h2>\t\t\t\t<\/div>\n\t\t\t\t<\/div>\n\t\t\t\t<div class=\"elementor-element elementor-element-396ef15 elementor-widget elementor-widget-heading\" data-id=\"396ef15\" data-element_type=\"widget\" data-widget_type=\"heading.default\">\n\t\t\t\t<div class=\"elementor-widget-container\">\n\t\t\t\t\t<h2 class=\"elementor-heading-title elementor-size-default\">Consulta'ns les diferents opcions que t'oferim<\/h2>\t\t\t\t<\/div>\n\t\t\t\t<\/div>\n\t\t\t\t<div class=\"elementor-element elementor-element-49a4032 elementor-align-left elementor-widget elementor-widget-button\" data-id=\"49a4032\" data-element_type=\"widget\" data-widget_type=\"button.default\">\n\t\t\t\t<div class=\"elementor-widget-container\">\n\t\t\t\t\t\t\t\t\t<div class=\"elementor-button-wrapper\">\n\t\t\t\t\t<a class=\"elementor-button elementor-button-link elementor-size-sm\" href=\"https:\/\/firaantiguitatscardedeu.com\/index.php\/contacte\/\">\n\t\t\t\t\t\t<span class=\"elementor-button-content-wrapper\">\n\t\t\t\t\t\t\t\t\t<span class=\"elementor-button-text\">Contacta<\/span>\n\t\t\t\t\t<\/span>\n\t\t\t\t\t<\/a>\n\t\t\t\t<\/div>\n\t\t\t\t\t\t\t\t<\/div>\n\t\t\t\t<\/div>\n\t\t\t\t<\/div>\n\t\t<div class=\"elementor-element elementor-element-a289db4 e-con-full e-flex e-con e-child\" data-id=\"a289db4\" data-element_type=\"container\">\n\t\t\t\t<div class=\"elementor-element elementor-element-4bfef99 elementor-widget elementor-widget-image\" data-id=\"4bfef99\" data-element_type=\"widget\" data-widget_type=\"image.default\">\n\t\t\t\t<div class=\"elementor-widget-container\">\n\t\t\t\t\t\t\t\t\t\t\t\t\t\t\t<img loading=\"lazy\" decoding=\"async\" width=\"571\" height=\"523\" src=\"https:\/\/firaantiguitatscardedeu.com\/wp-content\/uploads\/2024\/01\/deco2.jpg\" class=\"attachment-large size-large wp-image-454\" alt=\"\" srcset=\"https:\/\/firaantiguitatscardedeu.com\/wp-content\/uploads\/2024\/01\/deco2.jpg 571w, https:\/\/firaantiguitatscardedeu.com\/wp-content\/uploads\/2024\/01\/deco2-300x275.jpg 300w\" sizes=\"(max-width: 571px) 100vw, 571px\" \/>\t\t\t\t\t\t\t\t\t\t\t\t\t\t\t<\/div>\n\t\t\t\t<\/div>\n\t\t\t\t<\/div>\n\t\t\t\t<\/div>\n\t\t<div class=\"elementor-element elementor-element-0e4c8fe e-flex e-con-boxed e-con e-parent\" data-id=\"0e4c8fe\" data-element_type=\"container\" data-settings=\"{&quot;background_background&quot;:&quot;classic&quot;}\">\n\t\t\t\t\t<div class=\"e-con-inner\">\n\t\t\t\t<div class=\"elementor-element elementor-element-c16436f elementor-widget elementor-widget-heading\" data-id=\"c16436f\" data-element_type=\"widget\" data-widget_type=\"heading.default\">\n\t\t\t\t<div class=\"elementor-widget-container\">\n\t\t\t\t\t<h2 class=\"elementor-heading-title elementor-size-default\">Instagram Feed<\/h2>\t\t\t\t<\/div>\n\t\t\t\t<\/div>\n\t\t\t\t<div class=\"elementor-element elementor-element-c58daec elementor-widget elementor-widget-heading\" data-id=\"c58daec\" data-element_type=\"widget\" data-widget_type=\"heading.default\">\n\t\t\t\t<div class=\"elementor-widget-container\">\n\t\t\t\t\t<h2 class=\"elementor-heading-title elementor-size-default\">Galeria d'imatges<\/h2>\t\t\t\t<\/div>\n\t\t\t\t<\/div>\n\t\t\t\t<div class=\"elementor-element elementor-element-3815389 elementor-widget elementor-widget-shortcode\" data-id=\"3815389\" data-element_type=\"widget\" data-widget_type=\"shortcode.default\">\n\t\t\t\t<div class=\"elementor-widget-container\">\n\t\t\t\t\t\t\t<div class=\"elementor-shortcode\">\t\t<div id=\"instagram-gallery-feed-0\" class=\"instagram-gallery-feed\" data-feed=\"{&quot;id&quot;:0,&quot;account_id&quot;:&quot;24608483405467184&quot;,&quot;source&quot;:&quot;username&quot;,&quot;tag&quot;:&quot;wordpress&quot;,&quot;order_by&quot;:&quot;top_media&quot;,&quot;layout&quot;:&quot;gallery&quot;,&quot;limit&quot;:6,&quot;columns&quot;:3,&quot;spacing&quot;:10,&quot;lazy&quot;:false,&quot;responsive&quot;:{&quot;desktop&quot;:{&quot;columns&quot;:3,&quot;spacing&quot;:10},&quot;tablet&quot;:{&quot;columns&quot;:2,&quot;spacing&quot;:8},&quot;mobile&quot;:{&quot;columns&quot;:1,&quot;spacing&quot;:6},&quot;breakpoints&quot;:{&quot;tablet&quot;:768,&quot;mobile&quot;:480}},&quot;aspect_ratio&quot;:{&quot;width&quot;:1,&quot;height&quot;:1},&quot;highlight&quot;:{&quot;tag&quot;:&quot;&quot;,&quot;id&quot;:&quot;&quot;,&quot;position&quot;:&quot;1,3,5&quot;},&quot;reel&quot;:{&quot;hide&quot;:false},&quot;copyright&quot;:{&quot;hide&quot;:false,&quot;placeholder&quot;:&quot;&quot;},&quot;profile&quot;:{&quot;display&quot;:false,&quot;username&quot;:&quot;&quot;,&quot;nickname&quot;:&quot;&quot;,&quot;website&quot;:&quot;&quot;,&quot;biography&quot;:&quot;&quot;,&quot;link_text&quot;:&quot;Follow&quot;,&quot;website_text&quot;:&quot;Website&quot;,&quot;avatar&quot;:&quot;&quot;},&quot;box&quot;:{&quot;display&quot;:false,&quot;padding&quot;:1,&quot;radius&quot;:0,&quot;background&quot;:&quot;#fefefe&quot;,&quot;profile&quot;:false,&quot;desc&quot;:&quot;&quot;,&quot;text_color&quot;:&quot;#000000&quot;},&quot;mask&quot;:{&quot;display&quot;:true,&quot;background&quot;:&quot;#000000&quot;,&quot;icon_color&quot;:&quot;#ffffff&quot;,&quot;likes_count&quot;:true,&quot;comments_count&quot;:true},&quot;card&quot;:{&quot;display&quot;:false,&quot;radius&quot;:1,&quot;font_size&quot;:12,&quot;background&quot;:&quot;#ffffff&quot;,&quot;background_hover&quot;:&quot;#ffffff&quot;,&quot;text_color&quot;:&quot;#000000&quot;,&quot;padding&quot;:5,&quot;likes_count&quot;:false,&quot;text_length&quot;:10,&quot;comments_count&quot;:false,&quot;text_align&quot;:&quot;left&quot;},&quot;carousel&quot;:{&quot;centered_slides&quot;:false,&quot;autoplay&quot;:false,&quot;autoplay_interval&quot;:3000,&quot;navarrows&quot;:true,&quot;navarrows_color&quot;:&quot;&quot;,&quot;pagination&quot;:true,&quot;pagination_color&quot;:&quot;&quot;},&quot;modal&quot;:{&quot;display&quot;:true,&quot;profile&quot;:true,&quot;media_description&quot;:true,&quot;likes_count&quot;:true,&quot;comments_count&quot;:true,&quot;comments_list&quot;:false,&quot;text_align&quot;:&quot;left&quot;,&quot;modal_align&quot;:&quot;right&quot;,&quot;text_length&quot;:10000,&quot;font_size&quot;:12},&quot;button&quot;:{&quot;display&quot;:true,&quot;text&quot;:&quot;Veure a Instagram&quot;,&quot;text_color&quot;:&quot;#ffff&quot;,&quot;background&quot;:&quot;&quot;,&quot;background_hover&quot;:&quot;&quot;},&quot;button_load&quot;:{&quot;display&quot;:false,&quot;text&quot;:&quot;Load more...&quot;,&quot;text_color&quot;:&quot;#ffff&quot;,&quot;background&quot;:&quot;&quot;,&quot;background_hover&quot;:&quot;&quot;}}\">\n\t\t<!-- <FeedContainer\/> -->\n\t\t<\/div>\n\t\t<\/div>\n\t\t\t\t\t\t<\/div>\n\t\t\t\t<\/div>\n\t\t\t\t\t<\/div>\n\t\t\t\t<\/div>\n\t\t<div class=\"elementor-element elementor-element-b49b775 e-flex e-con-boxed e-con e-parent\" data-id=\"b49b775\" data-element_type=\"container\" data-settings=\"{&quot;background_background&quot;:&quot;classic&quot;}\">\n\t\t\t\t\t<div class=\"e-con-inner\">\n\t\t\t\t<div class=\"elementor-element elementor-element-0b3f33f elementor-widget elementor-widget-heading\" data-id=\"0b3f33f\" data-element_type=\"widget\" data-widget_type=\"heading.default\">\n\t\t\t\t<div class=\"elementor-widget-container\">\n\t\t\t\t\t<h2 class=\"elementor-heading-title elementor-size-default\">Subscriu-te a la nostra Newsletter<\/h2>\t\t\t\t<\/div>\n\t\t\t\t<\/div>\n\t\t<div class=\"elementor-element elementor-element-4eaf252 e-flex e-con-boxed e-con e-child\" data-id=\"4eaf252\" data-element_type=\"container\" data-settings=\"{&quot;background_background&quot;:&quot;classic&quot;}\">\n\t\t\t\t\t<div class=\"e-con-inner\">\n\t\t\t\t<div class=\"elementor-element elementor-element-169702c elementor-widget elementor-widget-heading\" data-id=\"169702c\" data-element_type=\"widget\" data-widget_type=\"heading.default\">\n\t\t\t\t<div class=\"elementor-widget-container\">\n\t\t\t\t\t<h2 class=\"elementor-heading-title elementor-size-default\">Novetats i consells directes al teu correu. No et quedis enrere!<\/h2>\t\t\t\t<\/div>\n\t\t\t\t<\/div>\n\t\t\t\t<div class=\"elementor-element elementor-element-1349dea elementor-widget elementor-widget-shortcode\" data-id=\"1349dea\" data-element_type=\"widget\" data-widget_type=\"shortcode.default\">\n\t\t\t\t<div class=\"elementor-widget-container\">\n\t\t\t\t\t\t\t<div class=\"elementor-shortcode\">\n<div class=\"wpcf7 no-js\" id=\"wpcf7-f530-o1\" lang=\"ca\" dir=\"ltr\" data-wpcf7-id=\"530\">\n<div class=\"screen-reader-response\"><p role=\"status\" aria-live=\"polite\" aria-atomic=\"true\"><\/p> <ul><\/ul><\/div>\n<form action=\"\/index.php\/wp-json\/wp\/v2\/pages\/20#wpcf7-f530-o1\" method=\"post\" class=\"wpcf7-form init\" aria-label=\"Formulari de contacte\" novalidate=\"novalidate\" data-status=\"init\">\n<fieldset class=\"hidden-fields-container\"><input type=\"hidden\" name=\"_wpcf7\" value=\"530\" \/><input type=\"hidden\" name=\"_wpcf7_version\" value=\"6.1.5\" \/><input type=\"hidden\" name=\"_wpcf7_locale\" value=\"ca\" \/><input type=\"hidden\" name=\"_wpcf7_unit_tag\" value=\"wpcf7-f530-o1\" \/><input type=\"hidden\" name=\"_wpcf7_container_post\" value=\"0\" \/><input type=\"hidden\" name=\"_wpcf7_posted_data_hash\" value=\"\" \/><input type=\"hidden\" name=\"_wpcf7_recaptcha_response\" value=\"\" \/>\n<\/fieldset>\n<p><span class=\"wpcf7-form-control-wrap\" data-name=\"your-email\"><input size=\"40\" maxlength=\"400\" class=\"wpcf7-form-control wpcf7-email wpcf7-validates-as-required wpcf7-text wpcf7-validates-as-email\" autocomplete=\"email\" aria-required=\"true\" aria-invalid=\"false\" placeholder=\"\" value=\"\" type=\"email\" name=\"your-email\" \/><\/span>\n<\/p>\n<p><span class=\"wpcf7-form-control-wrap\" data-name=\"accepta\"><span class=\"wpcf7-form-control wpcf7-acceptance\"><span class=\"wpcf7-list-item\"><label><input type=\"checkbox\" name=\"accepta\" value=\"1\" aria-invalid=\"false\" \/><span class=\"wpcf7-list-item-label\">Estic d'acord amb les <a href=\"https:\/\/firaantiguitatscardedeu.com\/index.php\/politica-de-privacitat\/\">pol\u00edtiques de privacitat<\/a><\/span><\/label><\/span><\/span><\/span>\n<\/p>\n<p><input class=\"wpcf7-form-control wpcf7-submit has-spinner\" type=\"submit\" value=\"Subscriu-te\" \/>\n<\/p><div class=\"wpcf7-response-output\" aria-hidden=\"true\"><\/div>\n<\/form>\n<\/div>\n<\/div>\n\t\t\t\t\t\t<\/div>\n\t\t\t\t<\/div>\n\t\t\t\t\t<\/div>\n\t\t\t\t<\/div>\n\t\t\t\t\t<\/div>\n\t\t\t\t<\/div>\n\t\t\t\t<\/div>\n\t\t","protected":false},"excerpt":{"rendered":"<p>Consulta el calendari de les properes fires: Veure calendari de fires Nosaltres som la FIRA D\u2019ANTIGUITATS DE CARDEDEU\u00ae, la gran. La nostra empresa Esdeveniments S.L., creada amb l&#8217;experi\u00e8ncia de m\u00e9s de 28 anys en l&#8217;\u00e0mbit de l&#8217;organitzaci\u00f3 de Fires d&#8217;Antiguitats i Brocanters, t\u00e9 preferentment la vocaci\u00f3 de desenvolupar-se en el m\u00f3n de l&#8217;oci, la cultura &hellip;<\/p>\n<p class=\"read-more\"> <a class=\"\" href=\"https:\/\/firaantiguitatscardedeu.com\/\"> <span class=\"screen-reader-text\">Inici<\/span> Llegeix m\u00e9s &raquo;<\/a><\/p>\n","protected":false},"author":1,"featured_media":0,"parent":0,"menu_order":0,"comment_status":"closed","ping_status":"closed","template":"","meta":{"site-sidebar-layout":"no-sidebar","site-content-layout":"page-builder","ast-site-content-layout":"full-width-container","site-content-style":"default","site-sidebar-style":"default","ast-global-header-display":"","ast-banner-title-visibility":"","ast-main-header-display":"","ast-hfb-above-header-display":"","ast-hfb-below-header-display":"","ast-hfb-mobile-header-display":"","site-post-title":"disabled","ast-breadcrumbs-content":"","ast-featured-img":"disabled","footer-sml-layout":"","theme-transparent-header-meta":"","adv-header-id-meta":"","stick-header-meta":"","header-above-stick-meta":"","header-main-stick-meta":"","header-below-stick-meta":"","astra-migrate-meta-layouts":"set","ast-page-background-enabled":"default","ast-page-background-meta":{"desktop":{"background-color":"","background-image":"","background-repeat":"repeat","background-position":"center center","background-size":"auto","background-attachment":"scroll","background-type":"","background-media":"","overlay-type":"","overlay-color":"","overlay-gradient":""},"tablet":{"background-color":"","background-image":"","background-repeat":"repeat","background-position":"center center","background-size":"auto","background-attachment":"scroll","background-type":"","background-media":"","overlay-type":"","overlay-color":"","overlay-gradient":""},"mobile":{"background-color":"","background-image":"","background-repeat":"repeat","background-position":"center center","background-size":"auto","background-attachment":"scroll","background-type":"","background-media":"","overlay-type":"","overlay-color":"","overlay-gradient":""}},"ast-content-background-meta":{"desktop":{"background-color":"var(--ast-global-color-5)","background-image":"","background-repeat":"repeat","background-position":"center center","background-size":"auto","background-attachment":"scroll","background-type":"","background-media":"","overlay-type":"","overlay-color":"","overlay-gradient":""},"tablet":{"background-color":"var(--ast-global-color-5)","background-image":"","background-repeat":"repeat","background-position":"center center","background-size":"auto","background-attachment":"scroll","background-type":"","background-media":"","overlay-type":"","overlay-color":"","overlay-gradient":""},"mobile":{"background-color":"var(--ast-global-color-5)","background-image":"","background-repeat":"repeat","background-position":"center center","background-size":"auto","background-attachment":"scroll","background-type":"","background-media":"","overlay-type":"","overlay-color":"","overlay-gradient":""}},"footnotes":""},"class_list":["post-20","page","type-page","status-publish","hentry"],"yoast_head":"<!-- This site is optimized with the Yoast SEO plugin v26.3 - https:\/\/yoast.com\/wordpress\/plugins\/seo\/ -->\n<title>Inici - Fira antiguitats Cardedeu<\/title>\n<meta name=\"robots\" content=\"index, follow, max-snippet:-1, max-image-preview:large, max-video-preview:-1\" \/>\n<link rel=\"canonical\" href=\"https:\/\/firaantiguitatscardedeu.com\/\" \/>\n<meta property=\"og:locale\" content=\"ca_ES\" \/>\n<meta property=\"og:type\" content=\"article\" \/>\n<meta property=\"og:title\" content=\"Inici - Fira antiguitats Cardedeu\" \/>\n<meta property=\"og:description\" content=\"Consulta el calendari de les properes fires: Veure calendari de fires Nosaltres som la FIRA D\u2019ANTIGUITATS DE CARDEDEU\u00ae, la gran. La nostra empresa Esdeveniments S.L., creada amb l&#8217;experi\u00e8ncia de m\u00e9s de 28 anys en l&#8217;\u00e0mbit de l&#8217;organitzaci\u00f3 de Fires d&#8217;Antiguitats i Brocanters, t\u00e9 preferentment la vocaci\u00f3 de desenvolupar-se en el m\u00f3n de l&#8217;oci, la cultura &hellip; Inici Llegeix m\u00e9s &raquo;\" \/>\n<meta property=\"og:url\" content=\"https:\/\/firaantiguitatscardedeu.com\/\" \/>\n<meta property=\"og:site_name\" content=\"Fira antiguitats Cardedeu\" \/>\n<meta property=\"article:modified_time\" content=\"2024-02-07T10:32:11+00:00\" \/>\n<meta property=\"og:image\" content=\"https:\/\/firaantiguitatscardedeu.com\/wp-content\/uploads\/2024\/01\/Hand-drawn-arrow.png\" \/>\n<meta name=\"twitter:card\" content=\"summary_large_image\" \/>\n<meta name=\"twitter:label1\" content=\"Temps estimat de lectura\" \/>\n\t<meta name=\"twitter:data1\" content=\"1 minut\" \/>\n<script type=\"application\/ld+json\" class=\"yoast-schema-graph\">{\"@context\":\"https:\/\/schema.org\",\"@graph\":[{\"@type\":\"WebPage\",\"@id\":\"https:\/\/firaantiguitatscardedeu.com\/\",\"url\":\"https:\/\/firaantiguitatscardedeu.com\/\",\"name\":\"Inici - Fira antiguitats Cardedeu\",\"isPartOf\":{\"@id\":\"https:\/\/firaantiguitatscardedeu.com\/#website\"},\"primaryImageOfPage\":{\"@id\":\"https:\/\/firaantiguitatscardedeu.com\/#primaryimage\"},\"image\":{\"@id\":\"https:\/\/firaantiguitatscardedeu.com\/#primaryimage\"},\"thumbnailUrl\":\"https:\/\/firaantiguitatscardedeu.com\/wp-content\/uploads\/2024\/01\/Hand-drawn-arrow.png\",\"datePublished\":\"2023-12-21T09:12:37+00:00\",\"dateModified\":\"2024-02-07T10:32:11+00:00\",\"breadcrumb\":{\"@id\":\"https:\/\/firaantiguitatscardedeu.com\/#breadcrumb\"},\"inLanguage\":\"ca\",\"potentialAction\":[{\"@type\":\"ReadAction\",\"target\":[\"https:\/\/firaantiguitatscardedeu.com\/\"]}]},{\"@type\":\"ImageObject\",\"inLanguage\":\"ca\",\"@id\":\"https:\/\/firaantiguitatscardedeu.com\/#primaryimage\",\"url\":\"https:\/\/firaantiguitatscardedeu.com\/wp-content\/uploads\/2024\/01\/Hand-drawn-arrow.png\",\"contentUrl\":\"https:\/\/firaantiguitatscardedeu.com\/wp-content\/uploads\/2024\/01\/Hand-drawn-arrow.png\",\"width\":228,\"height\":196},{\"@type\":\"BreadcrumbList\",\"@id\":\"https:\/\/firaantiguitatscardedeu.com\/#breadcrumb\",\"itemListElement\":[{\"@type\":\"ListItem\",\"position\":1,\"name\":\"Inici\",\"item\":\"https:\/\/firaantiguitatscardedeu.com\/\"},{\"@type\":\"ListItem\",\"position\":2,\"name\":\"Inici\"}]},{\"@type\":\"WebSite\",\"@id\":\"https:\/\/firaantiguitatscardedeu.com\/#website\",\"url\":\"https:\/\/firaantiguitatscardedeu.com\/\",\"name\":\"Fira antiguitats Cardedeu\",\"description\":\"\",\"publisher\":{\"@id\":\"https:\/\/firaantiguitatscardedeu.com\/#organization\"},\"potentialAction\":[{\"@type\":\"SearchAction\",\"target\":{\"@type\":\"EntryPoint\",\"urlTemplate\":\"https:\/\/firaantiguitatscardedeu.com\/?s={search_term_string}\"},\"query-input\":{\"@type\":\"PropertyValueSpecification\",\"valueRequired\":true,\"valueName\":\"search_term_string\"}}],\"inLanguage\":\"ca\"},{\"@type\":\"Organization\",\"@id\":\"https:\/\/firaantiguitatscardedeu.com\/#organization\",\"name\":\"Fira antiguitats Cardedeu\",\"url\":\"https:\/\/firaantiguitatscardedeu.com\/\",\"logo\":{\"@type\":\"ImageObject\",\"inLanguage\":\"ca\",\"@id\":\"https:\/\/firaantiguitatscardedeu.com\/#\/schema\/logo\/image\/\",\"url\":\"https:\/\/firaantiguitatscardedeu.com\/wp-content\/uploads\/2023\/12\/LOGO.jpg\",\"contentUrl\":\"https:\/\/firaantiguitatscardedeu.com\/wp-content\/uploads\/2023\/12\/LOGO.jpg\",\"width\":508,\"height\":143,\"caption\":\"Fira antiguitats Cardedeu\"},\"image\":{\"@id\":\"https:\/\/firaantiguitatscardedeu.com\/#\/schema\/logo\/image\/\"}}]}<\/script>\n<!-- \/ Yoast SEO plugin. -->","yoast_head_json":{"title":"Inici - Fira antiguitats Cardedeu","robots":{"index":"index","follow":"follow","max-snippet":"max-snippet:-1","max-image-preview":"max-image-preview:large","max-video-preview":"max-video-preview:-1"},"canonical":"https:\/\/firaantiguitatscardedeu.com\/","og_locale":"ca_ES","og_type":"article","og_title":"Inici - Fira antiguitats Cardedeu","og_description":"Consulta el calendari de les properes fires: Veure calendari de fires Nosaltres som la FIRA D\u2019ANTIGUITATS DE CARDEDEU\u00ae, la gran. La nostra empresa Esdeveniments S.L., creada amb l&#8217;experi\u00e8ncia de m\u00e9s de 28 anys en l&#8217;\u00e0mbit de l&#8217;organitzaci\u00f3 de Fires d&#8217;Antiguitats i Brocanters, t\u00e9 preferentment la vocaci\u00f3 de desenvolupar-se en el m\u00f3n de l&#8217;oci, la cultura &hellip; Inici Llegeix m\u00e9s &raquo;","og_url":"https:\/\/firaantiguitatscardedeu.com\/","og_site_name":"Fira antiguitats Cardedeu","article_modified_time":"2024-02-07T10:32:11+00:00","og_image":[{"url":"https:\/\/firaantiguitatscardedeu.com\/wp-content\/uploads\/2024\/01\/Hand-drawn-arrow.png","type":"","width":"","height":""}],"twitter_card":"summary_large_image","twitter_misc":{"Temps estimat de lectura":"1 minut"},"schema":{"@context":"https:\/\/schema.org","@graph":[{"@type":"WebPage","@id":"https:\/\/firaantiguitatscardedeu.com\/","url":"https:\/\/firaantiguitatscardedeu.com\/","name":"Inici - Fira antiguitats Cardedeu","isPartOf":{"@id":"https:\/\/firaantiguitatscardedeu.com\/#website"},"primaryImageOfPage":{"@id":"https:\/\/firaantiguitatscardedeu.com\/#primaryimage"},"image":{"@id":"https:\/\/firaantiguitatscardedeu.com\/#primaryimage"},"thumbnailUrl":"https:\/\/firaantiguitatscardedeu.com\/wp-content\/uploads\/2024\/01\/Hand-drawn-arrow.png","datePublished":"2023-12-21T09:12:37+00:00","dateModified":"2024-02-07T10:32:11+00:00","breadcrumb":{"@id":"https:\/\/firaantiguitatscardedeu.com\/#breadcrumb"},"inLanguage":"ca","potentialAction":[{"@type":"ReadAction","target":["https:\/\/firaantiguitatscardedeu.com\/"]}]},{"@type":"ImageObject","inLanguage":"ca","@id":"https:\/\/firaantiguitatscardedeu.com\/#primaryimage","url":"https:\/\/firaantiguitatscardedeu.com\/wp-content\/uploads\/2024\/01\/Hand-drawn-arrow.png","contentUrl":"https:\/\/firaantiguitatscardedeu.com\/wp-content\/uploads\/2024\/01\/Hand-drawn-arrow.png","width":228,"height":196},{"@type":"BreadcrumbList","@id":"https:\/\/firaantiguitatscardedeu.com\/#breadcrumb","itemListElement":[{"@type":"ListItem","position":1,"name":"Inici","item":"https:\/\/firaantiguitatscardedeu.com\/"},{"@type":"ListItem","position":2,"name":"Inici"}]},{"@type":"WebSite","@id":"https:\/\/firaantiguitatscardedeu.com\/#website","url":"https:\/\/firaantiguitatscardedeu.com\/","name":"Fira antiguitats Cardedeu","description":"","publisher":{"@id":"https:\/\/firaantiguitatscardedeu.com\/#organization"},"potentialAction":[{"@type":"SearchAction","target":{"@type":"EntryPoint","urlTemplate":"https:\/\/firaantiguitatscardedeu.com\/?s={search_term_string}"},"query-input":{"@type":"PropertyValueSpecification","valueRequired":true,"valueName":"search_term_string"}}],"inLanguage":"ca"},{"@type":"Organization","@id":"https:\/\/firaantiguitatscardedeu.com\/#organization","name":"Fira antiguitats Cardedeu","url":"https:\/\/firaantiguitatscardedeu.com\/","logo":{"@type":"ImageObject","inLanguage":"ca","@id":"https:\/\/firaantiguitatscardedeu.com\/#\/schema\/logo\/image\/","url":"https:\/\/firaantiguitatscardedeu.com\/wp-content\/uploads\/2023\/12\/LOGO.jpg","contentUrl":"https:\/\/firaantiguitatscardedeu.com\/wp-content\/uploads\/2023\/12\/LOGO.jpg","width":508,"height":143,"caption":"Fira antiguitats Cardedeu"},"image":{"@id":"https:\/\/firaantiguitatscardedeu.com\/#\/schema\/logo\/image\/"}}]}},"_links":{"self":[{"href":"https:\/\/firaantiguitatscardedeu.com\/index.php\/wp-json\/wp\/v2\/pages\/20","targetHints":{"allow":["GET"]}}],"collection":[{"href":"https:\/\/firaantiguitatscardedeu.com\/index.php\/wp-json\/wp\/v2\/pages"}],"about":[{"href":"https:\/\/firaantiguitatscardedeu.com\/index.php\/wp-json\/wp\/v2\/types\/page"}],"author":[{"embeddable":true,"href":"https:\/\/firaantiguitatscardedeu.com\/index.php\/wp-json\/wp\/v2\/users\/1"}],"replies":[{"embeddable":true,"href":"https:\/\/firaantiguitatscardedeu.com\/index.php\/wp-json\/wp\/v2\/comments?post=20"}],"version-history":[{"count":256,"href":"https:\/\/firaantiguitatscardedeu.com\/index.php\/wp-json\/wp\/v2\/pages\/20\/revisions"}],"predecessor-version":[{"id":1092,"href":"https:\/\/firaantiguitatscardedeu.com\/index.php\/wp-json\/wp\/v2\/pages\/20\/revisions\/1092"}],"wp:attachment":[{"href":"https:\/\/firaantiguitatscardedeu.com\/index.php\/wp-json\/wp\/v2\/media?parent=20"}],"curies":[{"name":"wp","href":"https:\/\/api.w.org\/{rel}","templated":true}]}}